{"id":47,"date":"2023-02-13T12:48:07","date_gmt":"2023-02-13T11:48:07","guid":{"rendered":"https:\/\/prodasvagalicia.org\/web\/?page_id=47"},"modified":"2026-04-20T10:17:28","modified_gmt":"2026-04-20T08:17:28","slug":"home","status":"publish","type":"page","link":"https:\/\/prodasvagalicia.org\/web\/","title":{"rendered":"Home"},"content":{"rendered":"\n<div class=\"alignfull ghostkit-grid ghostkit-grid-gap-md\"><div class=\"ghostkit-grid-inner\">\n<div class=\"ghostkit-col ghostkit-col-12\"><div class=\"ghostkit-col-content is-layout-flow wp-block-ghostkit-grid-column-is-layout-flow\">\n<div class=\"alignfull ghostkit-carousel\" data-effect=\"slide\" data-speed=\"1\" data-autoplay=\"6\" data-slides-per-view=\"1\" data-centered-slides=\"true\" data-loop=\"true\" data-free-scroll=\"false\" data-show-arrows=\"true\" data-show-bullets=\"false\" data-dynamic-bullets=\"true\" data-gap=\"0\"><div class=\"ghostkit-carousel-items\">\n<div class=\"ghostkit-carousel-slide fondo-texto is-layout-flow wp-block-ghostkit-carousel-slide-is-layout-flow\">\n<div class=\"wp-block-cover is-light\"><img fetchpriority=\"high\" decoding=\"async\" width=\"1900\" height=\"1282\" class=\"wp-block-cover__image-background wp-image-72\" alt=\"Prodasva Galicia\" src=\"https:\/\/prodasvagalicia.org\/web\/wp-content\/uploads\/2023\/02\/prodasva-galicia-home-1.jpg\" data-object-fit=\"cover\" srcset=\"https:\/\/prodasvagalicia.org\/web\/wp-content\/uploads\/2023\/02\/prodasva-galicia-home-1.jpg 1900w, https:\/\/prodasvagalicia.org\/web\/wp-content\/uploads\/2023\/02\/prodasva-galicia-home-1-300x202.jpg 300w, https:\/\/prodasvagalicia.org\/web\/wp-content\/uploads\/2023\/02\/prodasva-galicia-home-1-1024x691.jpg 1024w, https:\/\/prodasvagalicia.org\/web\/wp-content\/uploads\/2023\/02\/prodasva-galicia-home-1-768x518.jpg 768w, https:\/\/prodasvagalicia.org\/web\/wp-content\/uploads\/2023\/02\/prodasva-galicia-home-1-1536x1036.jpg 1536w, https:\/\/prodasvagalicia.org\/web\/wp-content\/uploads\/2023\/02\/prodasva-galicia-home-1-500x337.jpg 500w, https:\/\/prodasvagalicia.org\/web\/wp-content\/uploads\/2023\/02\/prodasva-galicia-home-1-800x540.jpg 800w, https:\/\/prodasvagalicia.org\/web\/wp-content\/uploads\/2023\/02\/prodasva-galicia-home-1-1280x864.jpg 1280w\" sizes=\"(max-width: 1900px) 100vw, 1900px\" \/><span aria-hidden=\"true\" class=\"wp-block-cover__background has-background-dim-0 has-background-dim\"><\/span><div class=\"wp-block-cover__inner-container is-layout-flow wp-block-cover-is-layout-flow\">\n<p class=\"has-text-align-center ghostkit-custom-2tMHzt has-large-font-size\">CONSULTOR\u00cdA<\/p>\n\n\n\n<p class=\"has-text-align-center has-medium-font-size\">Consultor\u00eda de empresas, especializada en Protecci\u00f3n de Datos, Prevenci\u00f3n del Blanqueo de Capitales, Sistemas de Gesti\u00f3n, Obras y Clasificaci\u00f3n empresarial, etc.<\/p>\n<\/div><\/div>\n<\/div>\n\n\n\n<div class=\"ghostkit-carousel-slide fondo-texto is-layout-flow wp-block-ghostkit-carousel-slide-is-layout-flow\">\n<div class=\"wp-block-cover is-light\"><img decoding=\"async\" width=\"1901\" height=\"1282\" class=\"wp-block-cover__image-background wp-image-71\" alt=\"Prodasva Galicia\" src=\"https:\/\/prodasvagalicia.org\/web\/wp-content\/uploads\/2023\/02\/prodasva-galicia-home-4.jpg\" data-object-fit=\"cover\" srcset=\"https:\/\/prodasvagalicia.org\/web\/wp-content\/uploads\/2023\/02\/prodasva-galicia-home-4.jpg 1901w, https:\/\/prodasvagalicia.org\/web\/wp-content\/uploads\/2023\/02\/prodasva-galicia-home-4-300x202.jpg 300w, https:\/\/prodasvagalicia.org\/web\/wp-content\/uploads\/2023\/02\/prodasva-galicia-home-4-1024x691.jpg 1024w, https:\/\/prodasvagalicia.org\/web\/wp-content\/uploads\/2023\/02\/prodasva-galicia-home-4-768x518.jpg 768w, https:\/\/prodasvagalicia.org\/web\/wp-content\/uploads\/2023\/02\/prodasva-galicia-home-4-1536x1036.jpg 1536w, https:\/\/prodasvagalicia.org\/web\/wp-content\/uploads\/2023\/02\/prodasva-galicia-home-4-500x337.jpg 500w, https:\/\/prodasvagalicia.org\/web\/wp-content\/uploads\/2023\/02\/prodasva-galicia-home-4-800x540.jpg 800w, https:\/\/prodasvagalicia.org\/web\/wp-content\/uploads\/2023\/02\/prodasva-galicia-home-4-1280x863.jpg 1280w\" sizes=\"(max-width: 1901px) 100vw, 1901px\" \/><span aria-hidden=\"true\" class=\"wp-block-cover__background has-background-dim-0 has-background-dim\"><\/span><div class=\"wp-block-cover__inner-container is-layout-flow wp-block-cover-is-layout-flow\">\n<p class=\"has-text-align-center ghostkit-custom-QuKXd has-large-font-size\">FORMACI\u00d3N<\/p>\n\n\n\n<p class=\"has-text-align-center has-medium-font-size\">Formaci\u00f3n de los empleados de su empresa, es vital para lograr su implicaci\u00f3n a la hora de establecer el cumplimiento de las normas e implicarles en los objetivos de la entidad<\/p>\n<\/div><\/div>\n<\/div>\n<\/div><div class=\"ghostkit-carousel-arrow-prev-icon\"><svg class=\"ghostkit-svg-icon\" width=\"24\" height=\"24\" viewBox=\"0 0 24 24\" fill=\"none\" xmlns=\"http:\/\/www.w3.org\/2000\/svg\"><path fill-rule=\"evenodd\" clip-rule=\"evenodd\" d=\"M14.7803 17.7803C14.4874 18.0732 14.0126 18.0732 13.7197 17.7803L8.4697 12.5303C8.1768 12.2374 8.1768 11.7626 8.4697 11.4697L13.7197 6.21967C14.0126 5.92678 14.4874 5.92678 14.7803 6.21967C15.0732 6.51256 15.0732 6.98744 14.7803 7.28033L10.0607 12L14.7803 16.7197C15.0732 17.0126 15.0732 17.4874 14.7803 17.7803Z\" fill=\"currentColor\"\/><\/svg><\/div><div class=\"ghostkit-carousel-arrow-next-icon\"><svg class=\"ghostkit-svg-icon\" width=\"24\" height=\"24\" viewBox=\"0 0 24 24\" fill=\"none\" xmlns=\"http:\/\/www.w3.org\/2000\/svg\"><path fill-rule=\"evenodd\" clip-rule=\"evenodd\" d=\"M9.21967 6.2197C9.51256 5.9268 9.98744 5.9268 10.2803 6.2197L15.5303 11.4697C15.8232 11.7626 15.8232 12.2374 15.5303 12.5303L10.2803 17.7803C9.98744 18.0732 9.51256 18.0732 9.21967 17.7803C8.92678 17.4874 8.92678 17.0126 9.21967 16.7197L13.9393 12L9.21967 7.2803C8.92678 6.9874 8.92678 6.5126 9.21967 6.2197Z\" fill=\"currentColor\"\/><\/svg><\/div><\/div>\n<\/div><\/div>\n<\/div><\/div>\n\n\n\n<div style=\"height:50px\" aria-hidden=\"true\" class=\"wp-block-spacer\"><\/div>\n\n\n\n<h1 class=\"wp-block-heading has-text-align-center\" id=\"nosotros\">PRODASVA GALICIA<\/h1>\n\n\n\n<div class=\"ghostkit-grid ghostkit-grid-gap-md ghostkit-grid-align-items-center\"><div class=\"ghostkit-grid-inner\">\n<div class=\"ghostkit-col ghostkit-col-md-12 ghostkit-col-5\"><div class=\"ghostkit-col-content is-layout-flow wp-block-ghostkit-grid-column-is-layout-flow\">\n<figure class=\"wp-block-image size-full\"><img decoding=\"async\" width=\"919\" height=\"698\" src=\"https:\/\/prodasvagalicia.org\/web\/wp-content\/uploads\/2023\/02\/sobre-nosotros-prodasva.jpg\" alt=\"Prodasva Galicia\" class=\"wp-image-74\" srcset=\"https:\/\/prodasvagalicia.org\/web\/wp-content\/uploads\/2023\/02\/sobre-nosotros-prodasva.jpg 919w, https:\/\/prodasvagalicia.org\/web\/wp-content\/uploads\/2023\/02\/sobre-nosotros-prodasva-300x228.jpg 300w, https:\/\/prodasvagalicia.org\/web\/wp-content\/uploads\/2023\/02\/sobre-nosotros-prodasva-768x583.jpg 768w, https:\/\/prodasvagalicia.org\/web\/wp-content\/uploads\/2023\/02\/sobre-nosotros-prodasva-500x380.jpg 500w, https:\/\/prodasvagalicia.org\/web\/wp-content\/uploads\/2023\/02\/sobre-nosotros-prodasva-800x608.jpg 800w\" sizes=\"(max-width: 919px) 100vw, 919px\" \/><\/figure>\n<\/div><\/div>\n\n\n\n<div class=\"ghostkit-col ghostkit-col-md-12 ghostkit-col-7\"><div class=\"ghostkit-col-content is-layout-flow wp-block-ghostkit-grid-column-is-layout-flow\">\n<p>Somos una consultor\u00eda de empresas con una larga trayectoria, especializada en&nbsp;<strong>Protecci\u00f3n de Datos, Prevenci\u00f3n del Blanqueo de Capitales, Sistemas de Gesti\u00f3n, Obras y Clasificaci\u00f3n empresarial<\/strong>.<\/p>\n\n\n\n<p>Un amplio abanico de servicios en diferentes \u00e1mbitos, gracias al cual podemos aportar a nuestros clientes las&nbsp;<strong>soluciones necesarias para todo tipo de problemas<\/strong>, o cubrir cualquier necesidad dentro del contexto de diversidad que actualmente se presenta en la actividad empresarial.<\/p>\n\n\n\n<p>Nuestro cometido es ayudar a incrementar la&nbsp;<strong>rentabilidad y optimizar<\/strong>&nbsp;la gesti\u00f3n de aquellas entidades a las que asesoramos, actuando a modo de consultor externo\/consejero independiente y aportando innovadoras soluciones, ideas y metodolog\u00edas de trabajo.<\/p>\n\n\n\n<p><strong>PRODASVA Galicia<\/strong>, ofrece un servicio integral de consultor\u00eda, asesoramiento y gesti\u00f3n a empresas y entidades de todos los sectores y dimensiones<\/p>\n<\/div><\/div>\n<\/div><\/div>\n\n\n\n<div style=\"height:50px\" aria-hidden=\"true\" class=\"wp-block-spacer\"><\/div>\n\n\n\n<div class=\"alignfull ghostkit-grid ghostkit-grid-gap-md ghostkit-grid-with-bg ghostkit-custom-Z1dFiTm\"><div class=\"nk-awb\"><div class=\"nk-awb-wrap\" data-awb-type=\"color\"><div class=\"nk-awb-overlay\" style=\"background: #f9f9f9;\"><\/div><\/div><\/div><div class=\"ghostkit-grid-inner\">\n<div class=\"ghostkit-col ghostkit-col-12 ghostkit-col-with-bg\"><div class=\"nk-awb\"><div class=\"nk-awb-wrap\" data-awb-type=\"color\"><div class=\"nk-awb-overlay\" style=\"background: #f9f9f9;\"><\/div><\/div><\/div><div class=\"ghostkit-col-content is-layout-flow wp-block-ghostkit-grid-column-is-layout-flow\">\n<h2 class=\"wp-block-heading has-text-align-center\" id=\"servicios\">SERVICIOS<\/h2>\n<\/div><\/div>\n<\/div><\/div>\n\n\n\n<div class=\"alignfull ghostkit-grid ghostkit-grid-gap-md ghostkit-grid-with-bg ancho-maximo ghostkit-custom-Z1HnUTT\"><div class=\"nk-awb\"><div class=\"nk-awb-wrap\" data-awb-type=\"color\"><div class=\"nk-awb-overlay\" style=\"background: #f9f9f9;\"><\/div><\/div><\/div><div class=\"ghostkit-grid-inner\">\n<div class=\"ghostkit-col ghostkit-col-md-12 ghostkit-col-6 ghostkit-col-with-bg ghostkit-custom-1zYDkt\"><div class=\"nk-awb\"><div class=\"nk-awb-wrap\" data-awb-type=\"color\"><div class=\"nk-awb-overlay\" style=\"background: #ffffff;\"><\/div><\/div><\/div><div class=\"ghostkit-col-content is-layout-flow wp-block-ghostkit-grid-column-is-layout-flow\">\n<figure class=\"wp-block-image aligncenter size-full is-resized is-style-rounded\"><img loading=\"lazy\" decoding=\"async\" width=\"266\" height=\"266\" src=\"https:\/\/prodasvagalicia.org\/web\/wp-content\/uploads\/2023\/02\/consultoria.png\" alt=\"consultoria\" class=\"wp-image-106\" style=\"width:200px;height:200px\" srcset=\"https:\/\/prodasvagalicia.org\/web\/wp-content\/uploads\/2023\/02\/consultoria.png 266w, https:\/\/prodasvagalicia.org\/web\/wp-content\/uploads\/2023\/02\/consultoria-150x150.png 150w\" sizes=\"(max-width: 266px) 100vw, 266px\" \/><\/figure>\n\n\n\n<h3 class=\"wp-block-heading has-text-align-center\" id=\"consultoria\">CONSULTOR\u00cdA<\/h3>\n\n\n\n<p class=\"has-text-align-center\"><strong>PRODASVA<\/strong>&nbsp;es una consultor\u00eda de gesti\u00f3n empresarial con una larga trayectoria, gracias a la cual podemos aportar a nuestros clientes las soluciones necesarias para todo tipo de problemas o cubrir cualquier necesidad dentro del contexto de diversidad que actualmente se presenta en la actividad empresarial.<\/p>\n\n\n\n<p class=\"has-text-align-center\"><strong>PRODASVA<\/strong>&nbsp;ofrece un servicio integral de consultor\u00eda, asesoramiento y gesti\u00f3n a empresas y entidades de todos los sectores y dimensiones. Est\u00e1 especializada en Protecci\u00f3n de Datos, Prevenci\u00f3n del Blanqueo de Capitales, Sistemas de Gesti\u00f3n, Obras y Clasificaci\u00f3n empresarial, &#8230;.<\/p>\n\n\n\n<p class=\"has-text-align-center\">Para ampliar informaci\u00f3n sobre nuestros servicios consulte la siguiente informaci\u00f3n:<\/p>\n\n\n\n<div class=\"wp-block-buttons is-content-justification-center is-layout-flex wp-container-core-buttons-is-layout-a89b3969 wp-block-buttons-is-layout-flex\">\n<div class=\"wp-block-button\"><a class=\"wp-block-button__link has-medium-font-size has-custom-font-size wp-element-button\" href=\"https:\/\/prodasvagalicia.org\/portfolio-prodasva-servicios-v2.pdf\" target=\"_blank\" rel=\"noreferrer noopener\">PORTFOLIO<\/a><\/div>\n<\/div>\n<\/div><\/div>\n\n\n\n<div class=\"ghostkit-col ghostkit-col-md-12 ghostkit-col-6 ghostkit-col-with-bg ghostkit-custom-ZsGnpN\"><div class=\"nk-awb\"><div class=\"nk-awb-wrap\" data-awb-type=\"color\"><div class=\"nk-awb-overlay\" style=\"background: #ffffff;\"><\/div><\/div><\/div><div class=\"ghostkit-col-content is-layout-flow wp-block-ghostkit-grid-column-is-layout-flow\">\n<figure class=\"wp-block-image aligncenter size-full is-resized is-style-rounded\"><img loading=\"lazy\" decoding=\"async\" width=\"264\" height=\"264\" src=\"https:\/\/prodasvagalicia.org\/web\/wp-content\/uploads\/2023\/02\/formacion.png\" alt=\"Prodasva Galicia\" class=\"wp-image-73\" style=\"width:198px;height:198px\" srcset=\"https:\/\/prodasvagalicia.org\/web\/wp-content\/uploads\/2023\/02\/formacion.png 264w, https:\/\/prodasvagalicia.org\/web\/wp-content\/uploads\/2023\/02\/formacion-150x150.png 150w\" sizes=\"(max-width: 264px) 100vw, 264px\" \/><\/figure>\n\n\n\n<h3 class=\"wp-block-heading has-text-align-center\" id=\"consultoria\">FORMACI\u00d3N<\/h3>\n\n\n\n<p>En&nbsp;<strong>PRODASVA<\/strong>&nbsp;tenemos la convicci\u00f3n de que la formaci\u00f3n de los empleados de su empresa, es vital para lograr su implicaci\u00f3n a la hora de establecer el cumplimiento de las normas e implicarles en los objetivos de la entidad.<\/p>\n\n\n\n<p>Es por ello que la formaci\u00f3n en las distintas \u00e1reas de actuaci\u00f3n de&nbsp;<strong>PRODASVA<\/strong>, tambi\u00e9n es uno de los servicios que le ofrecemos y que m\u00e1s deben interesarle a la hora de implantar una estrategia integral.<\/p>\n\n\n\n<div class=\"wp-block-buttons is-content-justification-center is-layout-flex wp-container-core-buttons-is-layout-a89b3969 wp-block-buttons-is-layout-flex\">\n<div class=\"wp-block-button\"><a class=\"wp-block-button__link has-medium-font-size has-custom-font-size wp-element-button\" href=\"https:\/\/prodasvagalicia.org\/web\/wp-content\/uploads\/2026\/04\/dossier-cursos-formacion-04-2026.pdf\" target=\"_blank\" rel=\"noreferrer noopener\">DOSSIER<\/a><\/div>\n<\/div>\n<\/div><\/div>\n<\/div><\/div>\n\n\n\n<div style=\"height:50px\" aria-hidden=\"true\" class=\"wp-block-spacer\"><\/div>\n\n\n\n<h2 class=\"wp-block-heading has-text-align-center\" id=\"contacto\">CONTACTO<\/h2>\n\n\n\n<div class=\"ghostkit-grid ghostkit-grid-gap-md\"><div class=\"ghostkit-grid-inner\">\n<div class=\"ghostkit-col ghostkit-col-lg-12 ghostkit-col-4\"><div class=\"ghostkit-col-content is-layout-flow wp-block-ghostkit-grid-column-is-layout-flow\">\n<div class=\"ghostkit-icon-box ghostkit-custom-Z1nR91h\"><div class=\"ghostkit-icon-box-icon ghostkit-icon-box-icon-align-top ghostkit-icon-box-icon-top-align-center\"><svg class=\"ghostkit-svg-icon ghostkit-svg-icon-fa\" aria-hidden=\"true\" role=\"img\" xmlns=\"http:\/\/www.w3.org\/2000\/svg\" viewBox=\"0 0 512 512\"><path fill=\"currentColor\" d=\"M505.04 442.66l-99.71-99.69c-4.5-4.5-10.6-7-17-7h-16.3c27.6-35.3 44-79.69 44-127.99C416.03 93.09 322.92 0 208.02 0S0 93.09 0 207.98s93.11 207.98 208.02 207.98c48.3 0 92.71-16.4 128.01-44v16.3c0 6.4 2.5 12.5 7 17l99.71 99.69c9.4 9.4 24.6 9.4 33.9 0l28.3-28.3c9.4-9.4 9.4-24.59.1-33.99zm-297.02-90.7c-79.54 0-144-64.34-144-143.98 0-79.53 64.35-143.98 144-143.98 79.54 0 144 64.34 144 143.98 0 79.53-64.35 143.98-144 143.98zm.02-239.96c-40.78 0-73.84 33.05-73.84 73.83 0 32.96 48.26 93.05 66.75 114.86a9.24 9.24 0 0 0 14.18 0c18.49-21.81 66.75-81.89 66.75-114.86 0-40.78-33.06-73.83-73.84-73.83zm0 96c-13.26 0-24-10.75-24-24 0-13.26 10.75-24 24-24s24 10.74 24 24c0 13.25-10.75 24-24 24z\"><\/path><\/svg><\/div><div class=\"ghostkit-icon-box-content is-layout-flow wp-block-ghostkit-icon-box-is-layout-flow\">\n<p class=\"has-text-align-center\">Oficinas Centrales Galicia<br><a rel=\"noreferrer noopener\" href=\"https:\/\/goo.gl\/maps\/2HwyTMvZZxDahurn8\" target=\"_blank\">C\/Rafael Alberti, 9 \u2013 Ofic. 1\u00aa D<br>15008 A Coru\u00f1a (A CORU\u00d1A)<br><\/a><a href=\"tel:+34981703533\">+34 981 703 533<\/a><\/p>\n<\/div><\/div>\n<\/div><\/div>\n\n\n\n<div class=\"ghostkit-col ghostkit-col-lg-12 ghostkit-col-4\"><div class=\"ghostkit-col-content is-layout-flow wp-block-ghostkit-grid-column-is-layout-flow\">\n<div class=\"ghostkit-icon-box ghostkit-custom-2rW8yK\"><div class=\"ghostkit-icon-box-icon ghostkit-icon-box-icon-align-top ghostkit-icon-box-icon-top-align-center\"><svg class=\"ghostkit-svg-icon ghostkit-svg-icon-fa\" aria-hidden=\"true\" role=\"img\" xmlns=\"http:\/\/www.w3.org\/2000\/svg\" viewBox=\"0 0 512 512\"><path fill=\"currentColor\" d=\"M505.04 442.66l-99.71-99.69c-4.5-4.5-10.6-7-17-7h-16.3c27.6-35.3 44-79.69 44-127.99C416.03 93.09 322.92 0 208.02 0S0 93.09 0 207.98s93.11 207.98 208.02 207.98c48.3 0 92.71-16.4 128.01-44v16.3c0 6.4 2.5 12.5 7 17l99.71 99.69c9.4 9.4 24.6 9.4 33.9 0l28.3-28.3c9.4-9.4 9.4-24.59.1-33.99zm-297.02-90.7c-79.54 0-144-64.34-144-143.98 0-79.53 64.35-143.98 144-143.98 79.54 0 144 64.34 144 143.98 0 79.53-64.35 143.98-144 143.98zm.02-239.96c-40.78 0-73.84 33.05-73.84 73.83 0 32.96 48.26 93.05 66.75 114.86a9.24 9.24 0 0 0 14.18 0c18.49-21.81 66.75-81.89 66.75-114.86 0-40.78-33.06-73.83-73.84-73.83zm0 96c-13.26 0-24-10.75-24-24 0-13.26 10.75-24 24-24s24 10.74 24 24c0 13.25-10.75 24-24 24z\"><\/path><\/svg><\/div><div class=\"ghostkit-icon-box-content is-layout-flow wp-block-ghostkit-icon-box-is-layout-flow\">\n<p class=\"has-text-align-center\">Oficina Lugo<br><a rel=\"noreferrer noopener\" href=\"https:\/\/goo.gl\/maps\/qx2pJyN4gBphuXvL7\" target=\"_blank\">R\u00faa das fontes 24 &#8211; 1D<br>27003 Lugo<br><\/a><a href=\"tel:+34981703533\">+34 981 7035 33 (Ext. 213)<\/a><\/p>\n<\/div><\/div>\n<\/div><\/div>\n\n\n\n<div class=\"ghostkit-col ghostkit-col-lg-12 ghostkit-col-4\"><div class=\"ghostkit-col-content is-layout-flow wp-block-ghostkit-grid-column-is-layout-flow\">\n<div class=\"ghostkit-icon-box ghostkit-custom-Z1dGVm9\"><div class=\"ghostkit-icon-box-icon ghostkit-icon-box-icon-align-top ghostkit-icon-box-icon-top-align-center\"><svg class=\"ghostkit-svg-icon ghostkit-svg-icon-fa\" aria-hidden=\"true\" role=\"img\" xmlns=\"http:\/\/www.w3.org\/2000\/svg\" viewBox=\"0 0 512 512\"><path fill=\"currentColor\" d=\"M505.04 442.66l-99.71-99.69c-4.5-4.5-10.6-7-17-7h-16.3c27.6-35.3 44-79.69 44-127.99C416.03 93.09 322.92 0 208.02 0S0 93.09 0 207.98s93.11 207.98 208.02 207.98c48.3 0 92.71-16.4 128.01-44v16.3c0 6.4 2.5 12.5 7 17l99.71 99.69c9.4 9.4 24.6 9.4 33.9 0l28.3-28.3c9.4-9.4 9.4-24.59.1-33.99zm-297.02-90.7c-79.54 0-144-64.34-144-143.98 0-79.53 64.35-143.98 144-143.98 79.54 0 144 64.34 144 143.98 0 79.53-64.35 143.98-144 143.98zm.02-239.96c-40.78 0-73.84 33.05-73.84 73.83 0 32.96 48.26 93.05 66.75 114.86a9.24 9.24 0 0 0 14.18 0c18.49-21.81 66.75-81.89 66.75-114.86 0-40.78-33.06-73.83-73.84-73.83zm0 96c-13.26 0-24-10.75-24-24 0-13.26 10.75-24 24-24s24 10.74 24 24c0 13.25-10.75 24-24 24z\"><\/path><\/svg><\/div><div class=\"ghostkit-icon-box-content is-layout-flow wp-block-ghostkit-icon-box-is-layout-flow\">\n<p class=\"has-text-align-center\">Otras Oficinas<br><a rel=\"noreferrer noopener\" href=\"https:\/\/prodasvagalicia.org\/\" target=\"_blank\">Ferrol &#8211; Santiago<\/a><br><a rel=\"noreferrer noopener\" href=\"https:\/\/prodasvagalicia.org\/\" target=\"_blank\">Pontevedra &#8211; Vigo<\/a><br><a rel=\"noreferrer noopener\" href=\"https:\/\/prodasvagalicia.org\/\" target=\"_blank\">Ourense<\/a><\/p>\n<\/div><\/div>\n<\/div><\/div>\n<\/div><\/div>\n\n\n\n<div class=\"ghostkit-grid ghostkit-grid-gap-md\"><div class=\"ghostkit-grid-inner\">\n<div class=\"ghostkit-col ghostkit-col-lg-12 ghostkit-col-6\"><div class=\"ghostkit-col-content is-layout-flow wp-block-ghostkit-grid-column-is-layout-flow\">\n<div class=\"ghostkit-icon-box ghostkit-custom-Z140v5j\"><div class=\"ghostkit-icon-box-icon ghostkit-icon-box-icon-align-top ghostkit-icon-box-icon-top-align-center\"><svg class=\"ghostkit-svg-icon ghostkit-svg-icon-fa\" aria-hidden=\"true\" role=\"img\" xmlns=\"http:\/\/www.w3.org\/2000\/svg\" viewBox=\"0 0 576 512\"><path fill=\"currentColor\" d=\"M160 448c-25.6 0-51.2-22.4-64-32-64-44.8-83.2-60.8-96-70.4V480c0 17.67 14.33 32 32 32h256c17.67 0 32-14.33 32-32V345.6c-12.8 9.6-32 25.6-96 70.4-12.8 9.6-38.4 32-64 32zm128-192H32c-17.67 0-32 14.33-32 32v16c25.6 19.2 22.4 19.2 115.2 86.4 9.6 6.4 28.8 25.6 44.8 25.6s35.2-19.2 44.8-22.4c92.8-67.2 89.6-67.2 115.2-86.4V288c0-17.67-14.33-32-32-32zm256-96H224c-17.67 0-32 14.33-32 32v32h96c33.21 0 60.59 25.42 63.71 57.82l.29-.22V416h192c17.67 0 32-14.33 32-32V192c0-17.67-14.33-32-32-32zm-32 128h-64v-64h64v64zm-352-96c0-35.29 28.71-64 64-64h224V32c0-17.67-14.33-32-32-32H96C78.33 0 64 14.33 64 32v192h96v-32z\"><\/path><\/svg><\/div><div class=\"ghostkit-icon-box-content is-layout-flow wp-block-ghostkit-icon-box-is-layout-flow\">\n<p class=\"has-text-align-center\"><a href=\"mailto:info@prodasvagalicia.org\">info@prodasvagalicia.org<\/a><\/p>\n<\/div><\/div>\n<\/div><\/div>\n\n\n\n<div class=\"ghostkit-col ghostkit-col-lg-12 ghostkit-col-6\"><div class=\"ghostkit-col-content is-layout-flow wp-block-ghostkit-grid-column-is-layout-flow\">\n<div class=\"ghostkit-icon-box ghostkit-custom-15QGXj\"><div class=\"ghostkit-icon-box-icon ghostkit-icon-box-icon-align-top ghostkit-icon-box-icon-top-align-center\"><svg class=\"ghostkit-svg-icon ghostkit-svg-icon-fa\" aria-hidden=\"true\" role=\"img\" xmlns=\"http:\/\/www.w3.org\/2000\/svg\" viewBox=\"0 0 512 512\"><path fill=\"currentColor\" d=\"M497.39 361.8l-112-48a24 24 0 0 0-28 6.9l-49.6 60.6A370.66 370.66 0 0 1 130.6 204.11l60.6-49.6a23.94 23.94 0 0 0 6.9-28l-48-112A24.16 24.16 0 0 0 122.6.61l-104 24A24 24 0 0 0 0 48c0 256.5 207.9 464 464 464a24 24 0 0 0 23.4-18.6l24-104a24.29 24.29 0 0 0-14.01-27.6z\"><\/path><\/svg><\/div><div class=\"ghostkit-icon-box-content is-layout-flow wp-block-ghostkit-icon-box-is-layout-flow\">\n<p class=\"has-text-align-center\"><a href=\"tel:+34981703533\">+34 981 703 533<\/a><\/p>\n<\/div><\/div>\n<\/div><\/div>\n<\/div><\/div>\n\n\n\n<div style=\"height:50px\" aria-hidden=\"true\" class=\"wp-block-spacer\"><\/div>\n\n\n\n<div class=\"alignfull ghostkit-grid ghostkit-grid-gap-md\"><div class=\"ghostkit-grid-inner\">\n<div class=\"ghostkit-col ghostkit-col-12\"><div class=\"ghostkit-col-content is-layout-flow wp-block-ghostkit-grid-column-is-layout-flow\">\n<iframe src=\"https:\/\/www.google.com\/maps\/embed?pb=!1m18!1m12!1m3!1d142182.48047815886!2d-8.429887111747954!3d43.354020781527694!2m3!1f0!2f0!3f0!3m2!1i1024!2i768!4f13.1!3m3!1m2!1s0xd2e7df470ec84eb%3A0xffc36f615db3a72f!2sProdasva%20Galicia!5e0!3m2!1ses!2ses!4v1676372370892!5m2!1ses!2ses\" width=\"100%\" height=\"450\" style=\"border:0;\" allowfullscreen=\"\" loading=\"lazy\" referrerpolicy=\"no-referrer-when-downgrade\"><\/iframe>\n<\/div><\/div>\n<\/div><\/div>\n","protected":false},"excerpt":{"rendered":"<p>PRODASVA GALICIA CONTACTO<\/p>\n","protected":false},"author":4,"featured_media":0,"parent":0,"menu_order":0,"comment_status":"closed","ping_status":"closed","template":"","meta":{"ghostkit_customizer_options":"","ghostkit_custom_css":"","ghostkit_custom_js_head":"","ghostkit_custom_js_foot":"","ghostkit_typography":"","_exactmetrics_skip_tracking":false,"_exactmetrics_sitenote_active":false,"_exactmetrics_sitenote_note":"","_exactmetrics_sitenote_category":0,"footnotes":""},"class_list":["post-47","page","type-page","status-publish","hentry"],"yoast_head":"<!-- This site is optimized with the Yoast SEO plugin v27.4 - https:\/\/yoast.com\/product\/yoast-seo-wordpress\/ -->\n<title>Prodasva Galicia - Consultor\u00eda de empresas<\/title>\n<meta name=\"description\" content=\"Consultor\u00eda de empresas con una larga trayectoria, especializada en Protecci\u00f3n de Datos, Prevenci\u00f3n del Blanqueo de Capitales, Sistemas de Gesti\u00f3n, Obras y Clasificaci\u00f3n empresarial.\" \/>\n<meta name=\"robots\" content=\"index, follow, max-snippet:-1, max-image-preview:large, max-video-preview:-1\" \/>\n<link rel=\"canonical\" href=\"https:\/\/prodasvagalicia.org\/web\/\" \/>\n<meta property=\"og:locale\" content=\"es_ES\" \/>\n<meta property=\"og:type\" content=\"article\" \/>\n<meta property=\"og:title\" content=\"Prodasva Galicia - Consultor\u00eda de empresas\" \/>\n<meta property=\"og:description\" content=\"Consultor\u00eda de empresas con una larga trayectoria, especializada en Protecci\u00f3n de Datos, Prevenci\u00f3n del Blanqueo de Capitales, Sistemas de Gesti\u00f3n, Obras y Clasificaci\u00f3n empresarial.\" \/>\n<meta property=\"og:url\" content=\"https:\/\/prodasvagalicia.org\/web\/\" \/>\n<meta property=\"og:site_name\" content=\"Prodasva Galicia\" \/>\n<meta property=\"article:publisher\" content=\"https:\/\/www.facebook.com\/people\/Prodasva-Galicia-Proteccin-de-Datos\/100063760095460\/\" \/>\n<meta property=\"article:modified_time\" content=\"2026-04-20T08:17:28+00:00\" \/>\n<meta property=\"og:image\" content=\"https:\/\/prodasvagalicia.org\/web\/wp-content\/uploads\/2023\/02\/prodasva-galicia-home-1.jpg\" \/>\n\t<meta property=\"og:image:width\" content=\"1900\" \/>\n\t<meta property=\"og:image:height\" content=\"1282\" \/>\n\t<meta property=\"og:image:type\" content=\"image\/jpeg\" \/>\n<meta name=\"twitter:card\" content=\"summary_large_image\" \/>\n<meta name=\"twitter:label1\" content=\"Tiempo de lectura\" \/>\n\t<meta name=\"twitter:data1\" content=\"3 minutos\" \/>\n<script type=\"application\/ld+json\" class=\"yoast-schema-graph\">{\"@context\":\"https:\\\/\\\/schema.org\",\"@graph\":[{\"@type\":\"WebPage\",\"@id\":\"https:\\\/\\\/prodasvagalicia.org\\\/web\\\/\",\"url\":\"https:\\\/\\\/prodasvagalicia.org\\\/web\\\/\",\"name\":\"Prodasva Galicia - Consultor\u00eda de empresas\",\"isPartOf\":{\"@id\":\"https:\\\/\\\/prodasvagalicia.org\\\/web\\\/#website\"},\"primaryImageOfPage\":{\"@id\":\"https:\\\/\\\/prodasvagalicia.org\\\/web\\\/#primaryimage\"},\"image\":{\"@id\":\"https:\\\/\\\/prodasvagalicia.org\\\/web\\\/#primaryimage\"},\"thumbnailUrl\":\"https:\\\/\\\/prodasvagalicia.org\\\/web\\\/wp-content\\\/uploads\\\/2023\\\/02\\\/prodasva-galicia-home-1.jpg\",\"datePublished\":\"2023-02-13T11:48:07+00:00\",\"dateModified\":\"2026-04-20T08:17:28+00:00\",\"description\":\"Consultor\u00eda de empresas con una larga trayectoria, especializada en Protecci\u00f3n de Datos, Prevenci\u00f3n del Blanqueo de Capitales, Sistemas de Gesti\u00f3n, Obras y Clasificaci\u00f3n empresarial.\",\"breadcrumb\":{\"@id\":\"https:\\\/\\\/prodasvagalicia.org\\\/web\\\/#breadcrumb\"},\"inLanguage\":\"es\",\"potentialAction\":[{\"@type\":\"ReadAction\",\"target\":[\"https:\\\/\\\/prodasvagalicia.org\\\/web\\\/\"]}]},{\"@type\":\"ImageObject\",\"inLanguage\":\"es\",\"@id\":\"https:\\\/\\\/prodasvagalicia.org\\\/web\\\/#primaryimage\",\"url\":\"https:\\\/\\\/prodasvagalicia.org\\\/web\\\/wp-content\\\/uploads\\\/2023\\\/02\\\/prodasva-galicia-home-1.jpg\",\"contentUrl\":\"https:\\\/\\\/prodasvagalicia.org\\\/web\\\/wp-content\\\/uploads\\\/2023\\\/02\\\/prodasva-galicia-home-1.jpg\",\"width\":1900,\"height\":1282,\"caption\":\"Prodasva Galicia\"},{\"@type\":\"BreadcrumbList\",\"@id\":\"https:\\\/\\\/prodasvagalicia.org\\\/web\\\/#breadcrumb\",\"itemListElement\":[{\"@type\":\"ListItem\",\"position\":1,\"name\":\"Portada\",\"item\":\"https:\\\/\\\/prodasvagalicia.org\\\/web\\\/\"},{\"@type\":\"ListItem\",\"position\":2,\"name\":\"Home\"}]},{\"@type\":\"WebSite\",\"@id\":\"https:\\\/\\\/prodasvagalicia.org\\\/web\\\/#website\",\"url\":\"https:\\\/\\\/prodasvagalicia.org\\\/web\\\/\",\"name\":\"Prodasva Galicia\",\"description\":\"consultor\u00eda de empresas con una larga trayectoria, especializada en Protecci\u00f3n de Datos, Prevenci\u00f3n del Blanqueo de Capitales, Sistemas de Gesti\u00f3n, Obras y Clasificaci\u00f3n empresarial.\",\"publisher\":{\"@id\":\"https:\\\/\\\/prodasvagalicia.org\\\/web\\\/#organization\"},\"potentialAction\":[{\"@type\":\"SearchAction\",\"target\":{\"@type\":\"EntryPoint\",\"urlTemplate\":\"https:\\\/\\\/prodasvagalicia.org\\\/web\\\/?s={search_term_string}\"},\"query-input\":{\"@type\":\"PropertyValueSpecification\",\"valueRequired\":true,\"valueName\":\"search_term_string\"}}],\"inLanguage\":\"es\"},{\"@type\":\"Organization\",\"@id\":\"https:\\\/\\\/prodasvagalicia.org\\\/web\\\/#organization\",\"name\":\"Prodasva Galicia\",\"alternateName\":\"Prodasva Galicia\",\"url\":\"https:\\\/\\\/prodasvagalicia.org\\\/web\\\/\",\"logo\":{\"@type\":\"ImageObject\",\"inLanguage\":\"es\",\"@id\":\"https:\\\/\\\/prodasvagalicia.org\\\/web\\\/#\\\/schema\\\/logo\\\/image\\\/\",\"url\":\"https:\\\/\\\/prodasvagalicia.org\\\/web\\\/wp-content\\\/uploads\\\/2023\\\/02\\\/logotipo-prodasva-80px.png\",\"contentUrl\":\"https:\\\/\\\/prodasvagalicia.org\\\/web\\\/wp-content\\\/uploads\\\/2023\\\/02\\\/logotipo-prodasva-80px.png\",\"width\":398,\"height\":80,\"caption\":\"Prodasva Galicia\"},\"image\":{\"@id\":\"https:\\\/\\\/prodasvagalicia.org\\\/web\\\/#\\\/schema\\\/logo\\\/image\\\/\"},\"sameAs\":[\"https:\\\/\\\/www.facebook.com\\\/people\\\/Prodasva-Galicia-Proteccin-de-Datos\\\/100063760095460\\\/\",\"https:\\\/\\\/www.instagram.com\\\/prodasvagalicia\\\/\"]}]}<\/script>\n<!-- \/ Yoast SEO plugin. -->","yoast_head_json":{"title":"Prodasva Galicia - Consultor\u00eda de empresas","description":"Consultor\u00eda de empresas con una larga trayectoria, especializada en Protecci\u00f3n de Datos, Prevenci\u00f3n del Blanqueo de Capitales, Sistemas de Gesti\u00f3n, Obras y Clasificaci\u00f3n empresarial.","robots":{"index":"index","follow":"follow","max-snippet":"max-snippet:-1","max-image-preview":"max-image-preview:large","max-video-preview":"max-video-preview:-1"},"canonical":"https:\/\/prodasvagalicia.org\/web\/","og_locale":"es_ES","og_type":"article","og_title":"Prodasva Galicia - Consultor\u00eda de empresas","og_description":"Consultor\u00eda de empresas con una larga trayectoria, especializada en Protecci\u00f3n de Datos, Prevenci\u00f3n del Blanqueo de Capitales, Sistemas de Gesti\u00f3n, Obras y Clasificaci\u00f3n empresarial.","og_url":"https:\/\/prodasvagalicia.org\/web\/","og_site_name":"Prodasva Galicia","article_publisher":"https:\/\/www.facebook.com\/people\/Prodasva-Galicia-Proteccin-de-Datos\/100063760095460\/","article_modified_time":"2026-04-20T08:17:28+00:00","og_image":[{"width":1900,"height":1282,"url":"https:\/\/prodasvagalicia.org\/web\/wp-content\/uploads\/2023\/02\/prodasva-galicia-home-1.jpg","type":"image\/jpeg"}],"twitter_card":"summary_large_image","twitter_misc":{"Tiempo de lectura":"3 minutos"},"schema":{"@context":"https:\/\/schema.org","@graph":[{"@type":"WebPage","@id":"https:\/\/prodasvagalicia.org\/web\/","url":"https:\/\/prodasvagalicia.org\/web\/","name":"Prodasva Galicia - Consultor\u00eda de empresas","isPartOf":{"@id":"https:\/\/prodasvagalicia.org\/web\/#website"},"primaryImageOfPage":{"@id":"https:\/\/prodasvagalicia.org\/web\/#primaryimage"},"image":{"@id":"https:\/\/prodasvagalicia.org\/web\/#primaryimage"},"thumbnailUrl":"https:\/\/prodasvagalicia.org\/web\/wp-content\/uploads\/2023\/02\/prodasva-galicia-home-1.jpg","datePublished":"2023-02-13T11:48:07+00:00","dateModified":"2026-04-20T08:17:28+00:00","description":"Consultor\u00eda de empresas con una larga trayectoria, especializada en Protecci\u00f3n de Datos, Prevenci\u00f3n del Blanqueo de Capitales, Sistemas de Gesti\u00f3n, Obras y Clasificaci\u00f3n empresarial.","breadcrumb":{"@id":"https:\/\/prodasvagalicia.org\/web\/#breadcrumb"},"inLanguage":"es","potentialAction":[{"@type":"ReadAction","target":["https:\/\/prodasvagalicia.org\/web\/"]}]},{"@type":"ImageObject","inLanguage":"es","@id":"https:\/\/prodasvagalicia.org\/web\/#primaryimage","url":"https:\/\/prodasvagalicia.org\/web\/wp-content\/uploads\/2023\/02\/prodasva-galicia-home-1.jpg","contentUrl":"https:\/\/prodasvagalicia.org\/web\/wp-content\/uploads\/2023\/02\/prodasva-galicia-home-1.jpg","width":1900,"height":1282,"caption":"Prodasva Galicia"},{"@type":"BreadcrumbList","@id":"https:\/\/prodasvagalicia.org\/web\/#breadcrumb","itemListElement":[{"@type":"ListItem","position":1,"name":"Portada","item":"https:\/\/prodasvagalicia.org\/web\/"},{"@type":"ListItem","position":2,"name":"Home"}]},{"@type":"WebSite","@id":"https:\/\/prodasvagalicia.org\/web\/#website","url":"https:\/\/prodasvagalicia.org\/web\/","name":"Prodasva Galicia","description":"consultor\u00eda de empresas con una larga trayectoria, especializada en Protecci\u00f3n de Datos, Prevenci\u00f3n del Blanqueo de Capitales, Sistemas de Gesti\u00f3n, Obras y Clasificaci\u00f3n empresarial.","publisher":{"@id":"https:\/\/prodasvagalicia.org\/web\/#organization"},"potentialAction":[{"@type":"SearchAction","target":{"@type":"EntryPoint","urlTemplate":"https:\/\/prodasvagalicia.org\/web\/?s={search_term_string}"},"query-input":{"@type":"PropertyValueSpecification","valueRequired":true,"valueName":"search_term_string"}}],"inLanguage":"es"},{"@type":"Organization","@id":"https:\/\/prodasvagalicia.org\/web\/#organization","name":"Prodasva Galicia","alternateName":"Prodasva Galicia","url":"https:\/\/prodasvagalicia.org\/web\/","logo":{"@type":"ImageObject","inLanguage":"es","@id":"https:\/\/prodasvagalicia.org\/web\/#\/schema\/logo\/image\/","url":"https:\/\/prodasvagalicia.org\/web\/wp-content\/uploads\/2023\/02\/logotipo-prodasva-80px.png","contentUrl":"https:\/\/prodasvagalicia.org\/web\/wp-content\/uploads\/2023\/02\/logotipo-prodasva-80px.png","width":398,"height":80,"caption":"Prodasva Galicia"},"image":{"@id":"https:\/\/prodasvagalicia.org\/web\/#\/schema\/logo\/image\/"},"sameAs":["https:\/\/www.facebook.com\/people\/Prodasva-Galicia-Proteccin-de-Datos\/100063760095460\/","https:\/\/www.instagram.com\/prodasvagalicia\/"]}]}},"_links":{"self":[{"href":"https:\/\/prodasvagalicia.org\/web\/wp-json\/wp\/v2\/pages\/47","targetHints":{"allow":["GET"]}}],"collection":[{"href":"https:\/\/prodasvagalicia.org\/web\/wp-json\/wp\/v2\/pages"}],"about":[{"href":"https:\/\/prodasvagalicia.org\/web\/wp-json\/wp\/v2\/types\/page"}],"author":[{"embeddable":true,"href":"https:\/\/prodasvagalicia.org\/web\/wp-json\/wp\/v2\/users\/4"}],"replies":[{"embeddable":true,"href":"https:\/\/prodasvagalicia.org\/web\/wp-json\/wp\/v2\/comments?post=47"}],"version-history":[{"count":79,"href":"https:\/\/prodasvagalicia.org\/web\/wp-json\/wp\/v2\/pages\/47\/revisions"}],"predecessor-version":[{"id":312,"href":"https:\/\/prodasvagalicia.org\/web\/wp-json\/wp\/v2\/pages\/47\/revisions\/312"}],"wp:attachment":[{"href":"https:\/\/prodasvagalicia.org\/web\/wp-json\/wp\/v2\/media?parent=47"}],"curies":[{"name":"wp","href":"https:\/\/api.w.org\/{rel}","templated":true}]}}